{"id":485,"date":"2018-12-25T10:15:59","date_gmt":"2018-12-25T10:15:59","guid":{"rendered":"http:\/\/aikido-mosbach.com\/?page_id=485"},"modified":"2019-02-11T17:35:47","modified_gmt":"2019-02-11T17:35:47","slug":"dezember-2011","status":"publish","type":"page","link":"https:\/\/aikido-mosbach.com\/?page_id=485","title":{"rendered":"Dezember 2011"},"content":{"rendered":"<p>[et_pb_section bb_built=&#8220;1&#8243; specialty=&#8220;off&#8220; next_background_color=&#8220;#ffffff&#8220; _builder_version=&#8220;3.17.6&#8243; background_image=&#8220;http:\/\/aikido-mosbach.com\/wp-content\/uploads\/2018\/11\/zengarten9_7.jpg&#8220; background_size=&#8220;contain&#8220; custom_margin=&#8220;0px|||&#8220;][et_pb_row _builder_version=&#8220;3.17.6&#8243; make_equal=&#8220;on&#8220; custom_margin=&#8220;0px|||&#8220;][et_pb_column type=&#8220;4_4&#8243;][et_pb_divider _builder_version=&#8220;3.17.6&#8243; show_divider=&#8220;off&#8220; height=&#8220;0px&#8220; \/][\/et_pb_column][\/et_pb_row][\/et_pb_section][et_pb_section bb_built=&#8220;1&#8243; specialty=&#8220;on&#8220; prev_background_color=&#8220;#000000&#8243; _builder_version=&#8220;3.17.6&#8243; make_fullwidth=&#8220;on&#8220; inner_shadow=&#8220;on&#8220; custom_margin=&#8220;-30px|||&#8220;][et_pb_column type=&#8220;1_2&#8243;][et_pb_text _builder_version=&#8220;3.17.6&#8243; text_line_height=&#8220;1em&#8220; header_font_size=&#8220;28px&#8220; text_font_size=&#8220;28px&#8220; custom_margin=&#8220;-40px|||&#8220; text_font=&#8220;Arial||||||||&#8220;]<\/p>\n<p><span style=\"color: #f70505;\"><strong>Dezember 2011<\/strong><\/span><\/p>\n<p>[\/et_pb_text][et_pb_text _builder_version=&#8220;3.17.6&#8243; custom_margin=&#8220;-20px|||&#8220; text_font=&#8220;Arial||||||||&#8220;]<\/p>\n<p>Beim Aikido Mosbach e.V. \u00a0fanden zum Jahresende einige Graduierungen statt. Eugen Wilhelm und Michael Wei\u00df erreichten den gelben G\u00fcrtel, Alexander Tonn den orangenen G\u00fcrtel und Thomas Flicker den blauen G\u00fcrtel. In einer sehr bewegten und niveauvollen Pr\u00fcfung konnten alle ihr K\u00f6nnen unter Beweis stellen.    In den Ausf\u00fchrungen zu Stab oder Schwert wurden von Thomas die entsprechenden Katas (festgelegte Reihenfolge von Kihons) und Kihons (Einzel\u00fcbungen) sauber gezeigt.<\/p>\n<p>[\/et_pb_text][\/et_pb_column][et_pb_column type=&#8220;1_2&#8243; specialty_columns=&#8220;3&#8243;][et_pb_row_inner admin_label=&#8220;Zeile&#8220; _builder_version=&#8220;3.17.6&#8243; custom_margin=&#8220;-40px||-30px|0px&#8220; use_custom_gutter=&#8220;on&#8220; gutter_width=&#8220;1&#8243; make_equal=&#8220;on&#8220; hover_transition_duration=&#8220;50ms&#8220; animation_style=&#8220;fold&#8220;][et_pb_column_inner type=&#8220;4_4&#8243; saved_specialty_column_type=&#8220;1_2&#8243;][\/et_pb_column_inner][\/et_pb_row_inner][\/et_pb_column][\/et_pb_section]<\/p>\n","protected":false},"excerpt":{"rendered":"<p>[et_pb_section bb_built=&#8220;1&#8243; specialty=&#8220;off&#8220; next_background_color=&#8220;#ffffff&#8220; _builder_version=&#8220;3.17.6&#8243; background_image=&#8220;http:\/\/aikido-mosbach.com\/wp-content\/uploads\/2018\/11\/zengarten9_7.jpg&#8220; background_size=&#8220;contain&#8220; custom_margin=&#8220;0px|||&#8220;][et_pb_row _builder_version=&#8220;3.17.6&#8243; make_equal=&#8220;on&#8220; custom_margin=&#8220;0px|||&#8220;][et_pb_column type=&#8220;4_4&#8243;][et_pb_divider _builder_version=&#8220;3.17.6&#8243; show_divider=&#8220;off&#8220; height=&#8220;0px&#8220; \/][\/et_pb_column][\/et_pb_row][\/et_pb_section][et_pb_section bb_built=&#8220;1&#8243; specialty=&#8220;on&#8220; prev_background_color=&#8220;#000000&#8243; _builder_version=&#8220;3.17.6&#8243; make_fullwidth=&#8220;on&#8220; inner_shadow=&#8220;on&#8220; custom_margin=&#8220;-30px|||&#8220;][et_pb_column type=&#8220;1_2&#8243;][et_pb_text _builder_version=&#8220;3.17.6&#8243; text_line_height=&#8220;1em&#8220; header_font_size=&#8220;28px&#8220; text_font_size=&#8220;28px&#8220; custom_margin=&#8220;-40px|||&#8220; text_font=&#8220;Arial||||||||&#8220;] Dezember 2011 [\/et_pb_text][et_pb_text _builder_version=&#8220;3.17.6&#8243; custom_margin=&#8220;-20px|||&#8220; text_font=&#8220;Arial||||||||&#8220;] Beim Aikido Mosbach e.V. \u00a0fanden zum Jahresende einige Graduierungen statt. Eugen Wilhelm und Michael Wei\u00df erreichten den gelben G\u00fcrtel, [&hellip;]<\/p>\n","protected":false},"author":1,"featured_media":0,"parent":0,"menu_order":0,"comment_status":"closed","ping_status":"closed","template":"","meta":{"footnotes":""},"class_list":["post-485","page","type-page","status-publish","hentry"],"_links":{"self":[{"href":"https:\/\/aikido-mosbach.com\/index.php?rest_route=\/wp\/v2\/pages\/485","targetHints":{"allow":["GET"]}}],"collection":[{"href":"https:\/\/aikido-mosbach.com\/index.php?rest_route=\/wp\/v2\/pages"}],"about":[{"href":"https:\/\/aikido-mosbach.com\/index.php?rest_route=\/wp\/v2\/types\/page"}],"author":[{"embeddable":true,"href":"https:\/\/aikido-mosbach.com\/index.php?rest_route=\/wp\/v2\/users\/1"}],"replies":[{"embeddable":true,"href":"https:\/\/aikido-mosbach.com\/index.php?rest_route=%2Fwp%2Fv2%2Fcomments&post=485"}],"version-history":[{"count":2,"href":"https:\/\/aikido-mosbach.com\/index.php?rest_route=\/wp\/v2\/pages\/485\/revisions"}],"predecessor-version":[{"id":695,"href":"https:\/\/aikido-mosbach.com\/index.php?rest_route=\/wp\/v2\/pages\/485\/revisions\/695"}],"wp:attachment":[{"href":"https:\/\/aikido-mosbach.com\/index.php?rest_route=%2Fwp%2Fv2%2Fmedia&parent=485"}],"curies":[{"name":"wp","href":"https:\/\/api.w.org\/{rel}","templated":true}]}}