{"id":272,"date":"2018-12-05T18:59:15","date_gmt":"2018-12-05T18:59:15","guid":{"rendered":"http:\/\/aikido-mosbach.com\/?page_id=272"},"modified":"2021-03-12T12:11:49","modified_gmt":"2021-03-12T12:11:49","slug":"datenschutz","status":"publish","type":"page","link":"https:\/\/aikido-mosbach.com\/?page_id=272","title":{"rendered":"Datenschutz"},"content":{"rendered":"<p>[et_pb_section bb_built=&#8220;1&#8243; specialty=&#8220;off&#8220; next_background_color=&#8220;#ffffff&#8220; _builder_version=&#8220;3.17.6&#8243; background_image=&#8220;http:\/\/aikido-mosbach.com\/wp-content\/uploads\/2018\/11\/zengarten9_7.jpg&#8220; background_size=&#8220;contain&#8220; custom_margin=&#8220;0px|||&#8220;][et_pb_row _builder_version=&#8220;3.17.6&#8243; make_equal=&#8220;on&#8220; custom_margin=&#8220;0px|||&#8220;][et_pb_column type=&#8220;4_4&#8243;][et_pb_divider _builder_version=&#8220;3.17.6&#8243; show_divider=&#8220;off&#8220; height=&#8220;0px&#8220; \/][\/et_pb_column][\/et_pb_row][\/et_pb_section][et_pb_section bb_built=&#8220;1&#8243; specialty=&#8220;on&#8220; prev_background_color=&#8220;#000000&#8243; _builder_version=&#8220;3.17.6&#8243; make_fullwidth=&#8220;on&#8220; inner_shadow=&#8220;on&#8220; custom_margin=&#8220;-30px|||&#8220;][et_pb_column type=&#8220;1_2&#8243;][et_pb_text _builder_version=&#8220;3.17.6&#8243; text_line_height=&#8220;1em&#8220; header_font_size=&#8220;28px&#8220; text_font_size=&#8220;28px&#8220; custom_margin=&#8220;-40px|||&#8220; text_font=&#8220;Arial||||||||&#8220;]<\/p>\n<p><span style=\"color: #f70505;\"><strong> Datenschutz<\/strong><\/span><\/p>\n<p>[\/et_pb_text][et_pb_text _builder_version=&#8220;3.17.6&#8243; custom_margin=&#8220;20px|||&#8220; text_font=&#8220;Arial||||||||&#8220;]<\/p>\n<p class=\"auto-style2\">\n<p>Informationspflicht bei Erhebung von personenbezogenen Daten gem\u00e4\u00df Art. 13 DS\u00ad-GVO<\/p>\n<p><u>Angaben zum Verantwortlichen<\/u><\/p>\n<p>Aikido Mosbach e.V.\u00a0\u00a0\u00a0\u00a0\u00a0\u00a0\u00a0\u00a0\u00a0\u00a0\u00a0\u00a0\u00a0\u00a0\u00a0\u00a0\u00a0\u00a0\u00a0\u00a0\u00a0\u00a0\u00a0\u00a0\u00a0\u00a0\u00a0\u00a0\u00a0\u00a0\u00a0\u00a0\u00a0\u00a0\u00a0\u00a0\u00a0\u00a0\u00a0\u00a0\u00a0\u00a0\u00a0\u00a0\u00a0\u00a0\u00a0\u00a0\u00a0\u00a0\u00a0\u00a0\u00a0\u00a0\u00a0\u00a0\u00a0\u00a0\u00a0\u00a0\u00a0\u00a0\u00a0\u00a0\u00a0\u00a0\u00a0\u00a0\u00a0\u00a0\u00a0\u00a0\u00a0\u00a0\u00a0\u00a0\u00a0\u00a0\u00a0\u00a0\u00a0\u00a0\u00a0\u00a0\u00a0\u00a0\u00a0\u00a0\u00a0\u00a0\u00a0\u00a0\u00a0\u00a0\u00a0\u00a0\u00a0\u00a0\u00a0\u00a0\u00a0\u00a0\u00a0\u00a0\u00a0\u00a0 Dirk Pielmann<br \/>Finkenstr. 2<br \/>74906 Bad Rappenau<br \/>Telefon: 07264 2083804<br \/>E &#8211; Mail: <a href=\"mailto:dpielmann@gmail.com\">dpielmann@gmail.com<\/a><\/p>\n<p><u>Ansprechpartner f\u00fcr datenschutzrechtliche Fragen<\/u><\/p>\n<p>Bei Fragen zum Datenschutz stehen wir Ihnen unter\u00a0<a href=\"about:blank\">dpielmann@gmail.com<\/a>\u00a0oder unter der oben angegebenen postalischen Anschrift zur Verf\u00fcgung.<\/p>\n<p><u>Verarbeitung Ihrer personenbezogenen Daten \u2013 Zwecke und Rechtsgrundlagen<\/u><\/p>\n<p>Datenverarbeitung im Verein<\/p>\n<p>Mitgliedsdaten (Name, Adresse, Telefonnummer, E-Mail, Alter, Vereinszugeh\u00f6rigkeit, Mitgliedsstatus, Mitgliedsfunktion, Beitragsh\u00f6he, Beitragsart, Zahlungsart, Bankverbindung) werden von den jeweiligen Funktionstr\u00e4ger*innen unseres Vereins nur f\u00fcr die ihnen zugeordnete Aufgabenerf\u00fcllung verarbeitet. Im Einzelnen bedeutet dies:<\/p>\n<ul>\n<li>Wenn der\u00a0Vorstand\u00a0Mitgliedsdaten ben\u00f6tigt, um seine Aufgaben zu erledigen, darf er auf alle hierf\u00fcr erforderlichen Mitgliedsdaten zugreifen. Dazu geh\u00f6rt insbesondere Mitgliedsbeitrag einziehen, Pr\u00fcfungsgeb\u00fchren, Graduierungen, Einladungen f\u00fcr Versammlungen, aus organisatorischen Gr\u00fcnden, Veranstaltungen und Jubil\u00e4en.<\/li>\n<li>Der*die\u00a0Kassenwart*in\u00a0verarbeitet die Mitgliedsdaten, die f\u00fcr den Einzug der Mitgliedsbeitr\u00e4ge, der*die Kassenpr\u00fcfer*in verarbeitet die Mitgliedsdaten, die f\u00fcr die Kassenpr\u00fcfung relevant sind. Dies sind prim\u00e4r Vorname, Nachname, postalische Anschrift und Bankverbindung mit Zahlungsdaten sowie ggf. Zugriff auf die Lastschriftsverfahrensgenehmigung inklusive Unterschrift, sofern das Mitglied dem Verein ein Lastschriftmandat erteilt hat.<\/li>\n<\/ul>\n<p>Zweck f\u00fcr die Verarbeitung der Mitgliedsdaten ist die Verfolgung des Vereinszwecks und die -verwaltung. Rechtsgrundlage ist die Vereinsmitgliedschaft (Artikel 6 Absatz 1 b) DS-GVO).<\/p>\n<p>Datenverarbeitung auf unserer Vereinswebseite<\/p>\n<p>Fotos<\/p>\n<p>Fotos \u00fcber unser Vereinsgeschehen werden zum Zweck der Au\u00dfendarstellung auf unserer Webseite ver\u00f6ffentlicht.<br \/>F\u00fcr die Ver\u00f6ffentlichung folgender Fotos von Erwachsenen auf unserer Webseite ist die Rechtsgrundlage das nachfolgend beschriebene berechtigte Interesse unseres Vereins nach Artikel 6 Absatz 1 Satz 1 f) DS-GVO:<\/p>\n<ul>\n<li>Team-Fotos aufgrund unseres berechtigten Interesses, \u00fcber das Vereinsgeschehen (hier: die Team-Aufstellung) zu informieren,<\/li>\n<li>Fotos mit Bezug zum Spielgeschehen bzw. der Veranstaltung aufgrund unseres berechtigten Interesses, \u00fcber das (sportliche) Geschehen zu berichten,<\/li>\n<li>Fotos vom Publikum, das an der Veranstaltung teilgenommen hat oder Fotos, auf denen die Personen nur als Beiwerk erscheinen, aufgrund unseres berechtigten Interesses, \u00fcber die Veranstaltung und deren Erfolg zu berichten.<\/li>\n<\/ul>\n<p>Sie haben die M\u00f6glichkeit, der Verwendung eines solchen Fotos, auf dem Sie zu sehen sind, gem\u00e4\u00df Artikel 21 Absatz 1 DS-GVO zu widersprechen. Der Verein wird pr\u00fcfen, ob es zwingende schutzw\u00fcrdige Gr\u00fcnde f\u00fcr die Verarbeitung gibt, die Ihre Interessen, Rechte und Freiheiten \u00fcberwiegen. Wenn nicht, wird das entsprechende Foto gel\u00f6scht.<\/p>\n<p>Andere Fotos, auf denen eine erwachsene Person (Vereinsmitglied oder aus dem Publikum) im Mittelpunkt steht oder gezielt nur diese Person fotografiert wurde, ver\u00f6ffentlichen wir nur mit der Einwilligung dieser Person (Artikel 6 Absatz 1 Satz 1 a) DS-GVO). Diese Einwilligung kann jederzeit f\u00fcr die Zukunft widerrufen werden.<\/p>\n<p><u>Weitere Empf\u00e4nger der personenbezogenen Daten<\/u><\/p>\n<p>Relevante Daten k\u00f6nnen folgenden Empf\u00e4ngern mitgeteilt werden:<\/p>\n<p>Aufgrund gesetzlicher Pflichten und Verordnungen die uns zur Weitergabe verpflichten, wie z.B. Beh\u00f6rden, Gerichte, Betreuungsstellen\u2026<\/p>\n<p>An die \u201e 3A Deutschland \u201c, unserer deutschlandweiten ideellen Vereinigung \u00a0\u00a0\u00a0\u00a0\u00a0\u00a0\u00a0\u00a0(Aikido &#8211; Stilrichtung) zur \u00dcbermittlung aus organisatorischen Gr\u00fcnden, von Pr\u00fcfungsgeb\u00fchren, Graduierungen, Veranstaltungen und Jubil\u00e4en.<\/p>\n<p>&nbsp;<\/p>\n<p><u>Speicherdauer<\/u><\/p>\n<ul>\n<li>Die aktuellen Mitgliedsdaten werden mindestens f\u00fcr die Dauer der Mitgliedschaft gespeichert.<\/li>\n<\/ul>\n<p><u>Betroffenenrechte<\/u><\/p>\n<p>Wenn wir personenbezogene Daten von Ihnen verarbeiten, haben Sie folgende Betroffenenrechte:<\/p>\n<ul>\n<li>ein Recht auf Auskunft \u00fcber die verarbeiteten Daten und auf Kopie,<\/li>\n<li>ein Berichtigungsrecht, wenn wir falsche Daten \u00fcber Sie verarbeiten,<\/li>\n<li>ein Recht auf L\u00f6schung, es sei denn, dass noch Ausnahmen greifen, warum wir die Daten noch speichern, also zum Beispiel Aufbewahrungspflichten oder Verj\u00e4hrungsfristen<\/li>\n<li>ein Recht auf Einschr\u00e4nkung der Verarbeitung,<\/li>\n<li>ein jederzeitiges Recht, Einwilligungen in die Datenverarbeitung zu widerrufen,<\/li>\n<li>ein Widerspruchsrecht gegen eine Verarbeitung im \u00f6ffentlichen oder bei berechtigtem Interesse,<\/li>\n<li>ein Recht auf Daten\u00fcbertragbarkeit,<\/li>\n<li>ein Beschwerderecht bei einer Datenschutz-Aufsichtsbeh\u00f6rde, wenn Sie finden, dass wir Ihre Daten nicht ordnungsgem\u00e4\u00df verarbeiten. F\u00fcr unseren Verein ist der Landesbeauftragte f\u00fcr den Datenschutz und die Informationsfreiheit in Baden-W\u00fcrttemberg zust\u00e4ndig. Wenn Sie sich in einem anderen Bundesland oder nicht in Deutschland aufhalten, k\u00f6nnen Sie sich aber auch an die dortige Datenschutzbeh\u00f6rde wenden.<\/li>\n<\/ul>\n<p class=\"auto-style1\">Aikido Mosbach e.V. | dpielmann@gmail.com<\/p>\n<p>[\/et_pb_text][et_pb_text _builder_version=&#8220;3.17.6&#8243; text_font_size=&#8220;10px&#8220; text_line_height=&#8220;1.3em&#8220; text_orientation=&#8220;right&#8220; custom_margin=&#8220;-15px|||&#8220; text_font=&#8220;Arial||||||||&#8220; \/][\/et_pb_column][et_pb_column type=&#8220;1_2&#8243; specialty_columns=&#8220;3&#8243;][et_pb_row_inner admin_label=&#8220;Zeile&#8220; _builder_version=&#8220;3.17.6&#8243; custom_margin=&#8220;-40px||-30px|0px&#8220; use_custom_gutter=&#8220;on&#8220; gutter_width=&#8220;1&#8243; make_equal=&#8220;on&#8220; hover_transition_duration=&#8220;50ms&#8220; animation_style=&#8220;fold&#8220;][et_pb_column_inner type=&#8220;1_3&#8243; saved_specialty_column_type=&#8220;1_2&#8243;][et_pb_image _builder_version=&#8220;3.17.6&#8243; src=&#8220;https:\/\/aikido-mosbach.com\/wp-content\/uploads\/2020\/10\/5.jpg&#8220; custom_margin=&#8220;1px|1px|1px|1px&#8220; align=&#8220;center&#8220; show_in_lightbox=&#8220;on&#8220; force_fullwidth=&#8220;on&#8220; \/][et_pb_image _builder_version=&#8220;3.17.6&#8243; src=&#8220;http:\/\/aikido-mosbach.com\/wp-content\/uploads\/2018\/11\/1.jpg&#8220; custom_margin=&#8220;1px|1px|1px|1px&#8220; show_in_lightbox=&#8220;on&#8220; \/][et_pb_image _builder_version=&#8220;3.17.6&#8243; src=&#8220;https:\/\/aikido-mosbach.com\/wp-content\/uploads\/2020\/10\/3.jpg&#8220; custom_margin=&#8220;1px|1px|1px|1px&#8220; show_in_lightbox=&#8220;on&#8220; \/][\/et_pb_column_inner][et_pb_column_inner type=&#8220;1_3&#8243; saved_specialty_column_type=&#8220;1_2&#8243;][et_pb_image _builder_version=&#8220;3.17.6&#8243; src=&#8220;https:\/\/aikido-mosbach.com\/wp-content\/uploads\/2020\/10\/2.jpg&#8220; align=&#8220;center&#8220; force_fullwidth=&#8220;on&#8220; custom_margin=&#8220;1px|1px|1px|1px&#8220; show_in_lightbox=&#8220;on&#8220; \/][et_pb_image _builder_version=&#8220;3.17.6&#8243; src=&#8220;http:\/\/aikido-mosbach.com\/wp-content\/uploads\/2018\/11\/9.jpg&#8220; custom_margin=&#8220;1px|1px|1px|1px&#8220; show_in_lightbox=&#8220;on&#8220; \/][et_pb_image _builder_version=&#8220;3.17.6&#8243; src=&#8220;http:\/\/aikido-mosbach.com\/wp-content\/uploads\/2018\/11\/12.jpg&#8220; custom_margin=&#8220;1px|1px|1px|1px&#8220; show_in_lightbox=&#8220;on&#8220; \/][\/et_pb_column_inner][et_pb_column_inner type=&#8220;1_3&#8243; saved_specialty_column_type=&#8220;1_2&#8243;][et_pb_image _builder_version=&#8220;3.17.6&#8243; src=&#8220;http:\/\/aikido-mosbach.com\/wp-content\/uploads\/2018\/11\/6.jpg&#8220; align=&#8220;center&#8220; custom_margin=&#8220;1px|1px|1px|1px&#8220; show_in_lightbox=&#8220;on&#8220; \/][et_pb_image _builder_version=&#8220;3.17.6&#8243; src=&#8220;https:\/\/aikido-mosbach.com\/wp-content\/uploads\/2020\/10\/8.jpg&#8220; custom_margin=&#8220;1px|1px|1px|1px&#8220; show_in_lightbox=&#8220;on&#8220; \/][et_pb_image _builder_version=&#8220;3.17.6&#8243; src=&#8220;http:\/\/aikido-mosbach.com\/wp-content\/uploads\/2018\/11\/10.jpg&#8220; custom_margin=&#8220;1px|1px|1px|1px&#8220; show_in_lightbox=&#8220;on&#8220; \/][\/et_pb_column_inner][\/et_pb_row_inner][\/et_pb_column][\/et_pb_section]<\/p>\n","protected":false},"excerpt":{"rendered":"<p>[et_pb_section bb_built=&#8220;1&#8243; specialty=&#8220;off&#8220; next_background_color=&#8220;#ffffff&#8220; _builder_version=&#8220;3.17.6&#8243; background_image=&#8220;http:\/\/aikido-mosbach.com\/wp-content\/uploads\/2018\/11\/zengarten9_7.jpg&#8220; background_size=&#8220;contain&#8220; custom_margin=&#8220;0px|||&#8220;][et_pb_row _builder_version=&#8220;3.17.6&#8243; make_equal=&#8220;on&#8220; custom_margin=&#8220;0px|||&#8220;][et_pb_column type=&#8220;4_4&#8243;][et_pb_divider _builder_version=&#8220;3.17.6&#8243; show_divider=&#8220;off&#8220; height=&#8220;0px&#8220; \/][\/et_pb_column][\/et_pb_row][\/et_pb_section][et_pb_section bb_built=&#8220;1&#8243; specialty=&#8220;on&#8220; prev_background_color=&#8220;#000000&#8243; _builder_version=&#8220;3.17.6&#8243; make_fullwidth=&#8220;on&#8220; inner_shadow=&#8220;on&#8220; custom_margin=&#8220;-30px|||&#8220;][et_pb_column type=&#8220;1_2&#8243;][et_pb_text _builder_version=&#8220;3.17.6&#8243; text_line_height=&#8220;1em&#8220; header_font_size=&#8220;28px&#8220; text_font_size=&#8220;28px&#8220; custom_margin=&#8220;-40px|||&#8220; text_font=&#8220;Arial||||||||&#8220;] Datenschutz [\/et_pb_text][et_pb_text _builder_version=&#8220;3.17.6&#8243; custom_margin=&#8220;20px|||&#8220; text_font=&#8220;Arial||||||||&#8220;] Informationspflicht bei Erhebung von personenbezogenen Daten gem\u00e4\u00df Art. 13 DS\u00ad-GVO Angaben zum Verantwortlichen Aikido Mosbach e.V.\u00a0\u00a0\u00a0\u00a0\u00a0\u00a0\u00a0\u00a0\u00a0\u00a0\u00a0\u00a0\u00a0\u00a0\u00a0\u00a0\u00a0\u00a0\u00a0\u00a0\u00a0\u00a0\u00a0\u00a0\u00a0\u00a0\u00a0\u00a0\u00a0\u00a0\u00a0\u00a0\u00a0\u00a0\u00a0\u00a0\u00a0\u00a0\u00a0\u00a0\u00a0\u00a0\u00a0\u00a0\u00a0\u00a0\u00a0\u00a0\u00a0\u00a0\u00a0\u00a0\u00a0\u00a0\u00a0\u00a0\u00a0\u00a0\u00a0\u00a0\u00a0\u00a0\u00a0\u00a0\u00a0\u00a0\u00a0\u00a0\u00a0\u00a0\u00a0\u00a0\u00a0\u00a0\u00a0\u00a0\u00a0\u00a0\u00a0\u00a0\u00a0\u00a0\u00a0\u00a0\u00a0\u00a0\u00a0\u00a0\u00a0\u00a0\u00a0\u00a0\u00a0\u00a0\u00a0\u00a0\u00a0\u00a0\u00a0\u00a0\u00a0\u00a0\u00a0\u00a0\u00a0\u00a0 Dirk PielmannFinkenstr. 274906 Bad [&hellip;]<\/p>\n","protected":false},"author":1,"featured_media":0,"parent":0,"menu_order":0,"comment_status":"closed","ping_status":"closed","template":"","meta":{"footnotes":""},"class_list":["post-272","page","type-page","status-publish","hentry"],"_links":{"self":[{"href":"https:\/\/aikido-mosbach.com\/index.php?rest_route=\/wp\/v2\/pages\/272","targetHints":{"allow":["GET"]}}],"collection":[{"href":"https:\/\/aikido-mosbach.com\/index.php?rest_route=\/wp\/v2\/pages"}],"about":[{"href":"https:\/\/aikido-mosbach.com\/index.php?rest_route=\/wp\/v2\/types\/page"}],"author":[{"embeddable":true,"href":"https:\/\/aikido-mosbach.com\/index.php?rest_route=\/wp\/v2\/users\/1"}],"replies":[{"embeddable":true,"href":"https:\/\/aikido-mosbach.com\/index.php?rest_route=%2Fwp%2Fv2%2Fcomments&post=272"}],"version-history":[{"count":13,"href":"https:\/\/aikido-mosbach.com\/index.php?rest_route=\/wp\/v2\/pages\/272\/revisions"}],"predecessor-version":[{"id":866,"href":"https:\/\/aikido-mosbach.com\/index.php?rest_route=\/wp\/v2\/pages\/272\/revisions\/866"}],"wp:attachment":[{"href":"https:\/\/aikido-mosbach.com\/index.php?rest_route=%2Fwp%2Fv2%2Fmedia&parent=272"}],"curies":[{"name":"wp","href":"https:\/\/api.w.org\/{rel}","templated":true}]}}